{"id":1946,"date":"2021-05-03T17:31:24","date_gmt":"2021-05-03T17:31:24","guid":{"rendered":"https:\/\/resiangelus.com\/servicios\/"},"modified":"2023-01-07T20:23:46","modified_gmt":"2023-01-07T20:23:46","slug":"serveis","status":"publish","type":"page","link":"https:\/\/resiangelus.com\/ca\/serveis\/","title":{"rendered":"Serveis"},"content":{"rendered":"<div class=\"wpb-content-wrapper\"><p>[vc_row css_animation=&#8221;element_from_bottom&#8221; row_type=&#8221;row&#8221; use_row_as_full_screen_section=&#8221;no&#8221; type=&#8221;full_width&#8221; angled_section=&#8221;no&#8221; text_align=&#8221;left&#8221; background_image_as_pattern=&#8221;without_pattern&#8221; z_index=&#8221;&#8221; background_image=&#8221;2628&#8243;][vc_column][vc_empty_space height=&#8221;200&#8243;][vc_column_text][\/vc_column_text][vc_empty_space height=&#8221;200px&#8221;][\/vc_column][\/vc_row][vc_row css_animation=&#8221;&#8221; row_type=&#8221;row&#8221; use_row_as_full_screen_section=&#8221;no&#8221; type=&#8221;full_width&#8221; angled_section=&#8221;no&#8221; text_align=&#8221;left&#8221; background_image_as_pattern=&#8221;without_pattern&#8221;][vc_column][vc_empty_space height=&#8221;50px&#8221;][vc_column_text]<\/p>\n<h1 style=\"text-align: center;\"><strong><span style=\"color: #273d68;\">SERVEIS<\/span><\/strong><\/h1>\n<p>[\/vc_column_text][vc_separator type=&#8221;small&#8221; position=&#8221;center&#8221; color=&#8221;#273d68&#8243; thickness=&#8221;1,5&#8243; width=&#8221;20&#8243;][vc_empty_space height=&#8221;50px&#8221;][\/vc_column][\/vc_row][vc_row css_animation=&#8221;&#8221; row_type=&#8221;row&#8221; use_row_as_full_screen_section=&#8221;no&#8221; type=&#8221;grid&#8221; angled_section=&#8221;no&#8221; text_align=&#8221;center&#8221; background_image_as_pattern=&#8221;without_pattern&#8221; z_index=&#8221;&#8221;][vc_column][vc_column_text]<\/p>\n<p style=\"text-align: left;\"><span style=\"color: #333333;\">Els serveis de la resid\u00e8ncia<\/span> <strong><span style=\"color: #273d68;\">\u00c0ngelus<\/span><\/strong> <span style=\"color: #333333;\">s&#8217;adrecen a fer compatible el tracte familiar amb l&#8217;atenci\u00f3 m\u00e9s professional i especialitzada. Les m\u00e9s de 20 persones que treballen al centre ho fan possible di\u00e0riament amb els seus coneixements, preparaci\u00f3, vocaci\u00f3 de servei i dedicaci\u00f3.<\/span><\/p>\n<p>&nbsp;<\/p>\n<p><span style=\"color: #333333;\">Oferim als nostres residents un ampli ventall de serveis, tots ells de la m\u00e0xima qualitat, essent el nostre principal objectiu que l&#8217;usuari senti la Resid\u00e8ncia com una cosa pr\u00f2pia.<\/span>[\/vc_column_text][\/vc_column][\/vc_row][vc_row css_animation=&#8221;&#8221; row_type=&#8221;row&#8221; use_row_as_full_screen_section=&#8221;no&#8221; type=&#8221;full_width&#8221; angled_section=&#8221;no&#8221; text_align=&#8221;left&#8221; background_image_as_pattern=&#8221;without_pattern&#8221;][vc_column][vc_empty_space height=&#8221;50px&#8221;][\/vc_column][\/vc_row][vc_row css_animation=&#8221;&#8221; row_type=&#8221;row&#8221; use_row_as_full_screen_section=&#8221;no&#8221; type=&#8221;full_width&#8221; angled_section=&#8221;no&#8221; text_align=&#8221;center&#8221; background_image_as_pattern=&#8221;without_pattern&#8221; z_index=&#8221;&#8221; css=&#8221;.vc_custom_1642523508828{background-color: #3d2e27 !important;}&#8221;][vc_column][vc_empty_space height=&#8221;50px&#8221;][vc_column_text]<\/p>\n<h2 style=\"text-align: center;\">Servicios<\/h2>\n<p>[\/vc_column_text][vc_empty_space][\/vc_column][\/vc_row][vc_row css_animation=&#8221;element_from_bottom&#8221; row_type=&#8221;row&#8221; use_row_as_full_screen_section=&#8221;no&#8221; type=&#8221;grid&#8221; angled_section=&#8221;no&#8221; text_align=&#8221;center&#8221; background_image_as_pattern=&#8221;without_pattern&#8221; z_index=&#8221;&#8221; css=&#8221;.vc_custom_1668002193353{background-color: #3d2e27 !important;}&#8221;][vc_column css_animation=&#8221;zoomIn&#8221; width=&#8221;1\/4&#8243;]<div class='q_icon_with_title medium custom_icon_image center qode_iwt_hover_enabled '><div class=\"icon_holder \" style=\" \"><img decoding=\"async\" itemprop=\"image\" style=\"\" src=\"https:\/\/resiangelus.com\/wp-content\/uploads\/2022\/09\/stethoscope-1.png\" alt=\"\"><\/div><div class=\"icon_text_holder\" style=\"\"><div class=\"icon_text_inner\" style=\"\"><h3 class=\"icon_title\" style=\"color: #273d68;font-weight: 400;\">Metge<\/h3><div class=\"separator small left\" style=\"height: 2px;background-color: #273d68;width: 20px;margin-bottom: 15px;\"><\/div><p style='color: #000000'>Servei m\u00e8dic propi<\/p><\/div><\/div><\/div>[vc_empty_space][\/vc_column][vc_column css_animation=&#8221;zoomIn&#8221; width=&#8221;1\/4&#8243;]<div class='q_icon_with_title medium custom_icon_image center qode_iwt_hover_enabled '><div class=\"icon_holder \" style=\" \"><img decoding=\"async\" itemprop=\"image\" style=\"\" src=\"https:\/\/resiangelus.com\/wp-content\/uploads\/2022\/10\/enfermera-2.png\" alt=\"\"><\/div><div class=\"icon_text_holder\" style=\"\"><div class=\"icon_text_inner\" style=\"\"><h3 class=\"icon_title\" style=\"color: #273d68;font-weight: 400;\">Infermeria<\/h3><div class=\"separator small left\" style=\"height: 2px;background-color: #273d68;width: 20px;margin-bottom: 15px;\"><\/div><p style='color: #000000'>Servei d'infermeria propi<\/p><\/div><\/div><\/div>[vc_empty_space][\/vc_column][vc_column css_animation=&#8221;zoomIn&#8221; width=&#8221;1\/4&#8243;]<div class='q_icon_with_title medium custom_icon_image center qode_iwt_hover_enabled '><div class=\"icon_holder \" style=\" \"><img decoding=\"async\" itemprop=\"image\" style=\"\" src=\"https:\/\/resiangelus.com\/wp-content\/uploads\/2022\/09\/fisioterapia-1.png\" alt=\"\"><\/div><div class=\"icon_text_holder\" style=\"\"><div class=\"icon_text_inner\" style=\"\"><h3 class=\"icon_title\" style=\"color: #273d68;font-weight: 400;\">Fisioter\u00e0pia<\/h3><div class=\"separator small left\" style=\"height: 2px;background-color: #273d68;width: 20px;margin-bottom: 15px;\"><\/div><p style='color: #000000'>Servei de fisioter\u00e0pia personalitzada<\/p><\/div><\/div><\/div>[vc_empty_space][\/vc_column][vc_column width=&#8221;1\/4&#8243;]<div class='q_icon_with_title medium custom_icon_image center qode_iwt_hover_enabled '><div class=\"icon_holder \" style=\" \"><img decoding=\"async\" itemprop=\"image\" style=\"\" src=\"https:\/\/resiangelus.com\/wp-content\/uploads\/2022\/11\/salud-mental-1.png\" alt=\"\"><\/div><div class=\"icon_text_holder\" style=\"\"><div class=\"icon_text_inner\" style=\"\"><h3 class=\"icon_title\" style=\"color: #273d68;font-weight: 400;\">Psicologia<\/h3><div class=\"separator small left\" style=\"height: 2px;background-color: #273d68;width: 20px;margin-bottom: 15px;\"><\/div><p style='color: #000000'>Servei de psicologia personalitzat<\/p><\/div><\/div><\/div>[vc_empty_space][\/vc_column][\/vc_row][vc_row css_animation=&#8221;element_from_bottom&#8221; row_type=&#8221;row&#8221; use_row_as_full_screen_section=&#8221;no&#8221; type=&#8221;grid&#8221; angled_section=&#8221;no&#8221; text_align=&#8221;center&#8221; background_image_as_pattern=&#8221;without_pattern&#8221; z_index=&#8221;&#8221; css=&#8221;.vc_custom_1668002199450{background-color: #3d2e27 !important;}&#8221;][vc_column css_animation=&#8221;zoomIn&#8221; width=&#8221;1\/4&#8243;]<div class='q_icon_with_title medium custom_icon_image center qode_iwt_hover_enabled '><div class=\"icon_holder \" style=\" \"><img decoding=\"async\" itemprop=\"image\" style=\"\" src=\"https:\/\/resiangelus.com\/wp-content\/uploads\/2022\/11\/Terapia-ocupacional.png\" alt=\"\"><\/div><div class=\"icon_text_holder\" style=\"\"><div class=\"icon_text_inner\" style=\"\"><h3 class=\"icon_title\" style=\"color: #273d68;font-weight: 400;\">Ter\u00e0pia ocupacional<\/h3><div class=\"separator small left\" style=\"height: 2px;background-color: #273d68;width: 20px;margin-bottom: 15px;\"><\/div><p style='color: #000000'>Servei de ter\u00e0pia personalitzada<\/p><\/div><\/div><\/div>[vc_empty_space][\/vc_column][vc_column css_animation=&#8221;zoomIn&#8221; width=&#8221;1\/4&#8243;]<div class='q_icon_with_title medium custom_icon_image center qode_iwt_hover_enabled '><div class=\"icon_holder \" style=\" \"><img decoding=\"async\" itemprop=\"image\" style=\"\" src=\"https:\/\/resiangelus.com\/wp-content\/uploads\/2022\/11\/Educacion-social.png\" alt=\"\"><\/div><div class=\"icon_text_holder\" style=\"\"><div class=\"icon_text_inner\" style=\"\"><h3 class=\"icon_title\" style=\"color: #273d68;font-weight: 400;\">Educaci\u00f3 social<\/h3><div class=\"separator small left\" style=\"height: 2px;background-color: #273d68;width: 20px;margin-bottom: 15px;\"><\/div><p style='color: #000000'>Servei d'educaci\u00f3 social i animaci\u00f3<\/p><\/div><\/div><\/div>[vc_empty_space][\/vc_column][vc_column css_animation=&#8221;zoomIn&#8221; width=&#8221;1\/4&#8243;]<div class='q_icon_with_title medium custom_icon_image center qode_iwt_hover_enabled '><div class=\"icon_holder \" style=\" \"><img decoding=\"async\" itemprop=\"image\" style=\"\" src=\"https:\/\/resiangelus.com\/wp-content\/uploads\/2022\/11\/Trabajo-social.png\" alt=\"\"><\/div><div class=\"icon_text_holder\" style=\"\"><div class=\"icon_text_inner\" style=\"\"><h3 class=\"icon_title\" style=\"color: #273d68;font-weight: 400;\">Treball social<\/h3><div class=\"separator small left\" style=\"height: 2px;background-color: #273d68;width: 20px;margin-bottom: 15px;\"><\/div><p style='color: #000000'>Servei d'assit\u00e8ncia social<\/p><\/div><\/div><\/div>[vc_empty_space][\/vc_column][vc_column width=&#8221;1\/4&#8243;]<div class='q_icon_with_title medium custom_icon_image center qode_iwt_hover_enabled '><div class=\"icon_holder \" style=\" \"><img decoding=\"async\" itemprop=\"image\" style=\"\" src=\"https:\/\/resiangelus.com\/wp-content\/uploads\/2022\/11\/servicio-religioso.png\" alt=\"\"><\/div><div class=\"icon_text_holder\" style=\"\"><div class=\"icon_text_inner\" style=\"\"><h3 class=\"icon_title\" style=\"color: #273d68;font-weight: 400;\">Servei religi\u00f3s<\/h3><div class=\"separator small left\" style=\"height: 2px;background-color: #273d68;width: 20px;margin-bottom: 15px;\"><\/div><p style='color: #000000'>S'oficia santa missa setmanal<\/p><\/div><\/div><\/div>[vc_empty_space][\/vc_column][\/vc_row][vc_row css_animation=&#8221;element_from_bottom&#8221; row_type=&#8221;row&#8221; use_row_as_full_screen_section=&#8221;no&#8221; type=&#8221;grid&#8221; angled_section=&#8221;no&#8221; text_align=&#8221;center&#8221; background_image_as_pattern=&#8221;without_pattern&#8221; z_index=&#8221;&#8221; css=&#8221;.vc_custom_1668002206391{background-color: #3d2e27 !important;}&#8221;][vc_column css_animation=&#8221;zoomIn&#8221; width=&#8221;1\/4&#8243;]<div class='q_icon_with_title medium custom_icon_image center qode_iwt_hover_enabled '><div class=\"icon_holder \" style=\" \"><img decoding=\"async\" itemprop=\"image\" style=\"\" src=\"https:\/\/resiangelus.com\/wp-content\/uploads\/2022\/09\/podologo-2.png\" alt=\"\"><\/div><div class=\"icon_text_holder\" style=\"\"><div class=\"icon_text_inner\" style=\"\"><h3 class=\"icon_title\" style=\"color: #273d68;font-weight: 400;\">Podologia<\/h3><div class=\"separator small left\" style=\"height: 2px;background-color: #273d68;width: 20px;margin-bottom: 15px;\"><\/div><p style='color: #000000'>Disposem de servei de podologia<\/p><\/div><\/div><\/div>[vc_empty_space][\/vc_column][vc_column css_animation=&#8221;zoomIn&#8221; width=&#8221;1\/4&#8243;]<div class='q_icon_with_title medium custom_icon_image center qode_iwt_hover_enabled '><div class=\"icon_holder \" style=\" \"><img decoding=\"async\" itemprop=\"image\" style=\"\" src=\"https:\/\/resiangelus.com\/wp-content\/uploads\/2022\/09\/secador-de-pelo-1.png\" alt=\"\"><\/div><div class=\"icon_text_holder\" style=\"\"><div class=\"icon_text_inner\" style=\"\"><h3 class=\"icon_title\" style=\"color: #273d68;font-weight: 400;\">Peluquer\u00eda<\/h3><div class=\"separator small left\" style=\"height: 2px;background-color: #273d68;width: 20px;margin-bottom: 15px;\"><\/div><p style='color: #000000'>Servicio de peluquer\u00eda a nuestros residentes<\/p><\/div><\/div><\/div>[vc_empty_space][\/vc_column][vc_column css_animation=&#8221;zoomIn&#8221; width=&#8221;1\/4&#8243;]<div class='q_icon_with_title medium custom_icon_image center qode_iwt_hover_enabled '><div class=\"icon_holder \" style=\" \"><img decoding=\"async\" itemprop=\"image\" style=\"\" src=\"https:\/\/resiangelus.com\/wp-content\/uploads\/2022\/10\/anciano.png\" alt=\"\"><\/div><div class=\"icon_text_holder\" style=\"\"><div class=\"icon_text_inner\" style=\"\"><h3 class=\"icon_title\" style=\"color: #273d68;font-weight: 400;\">Acompanyament<\/h3><div class=\"separator small left\" style=\"height: 2px;background-color: #273d68;width: 20px;margin-bottom: 15px;\"><\/div><p style='color: #000000'>Servei d'acompanyament als residents a consultes externes<\/p><\/div><\/div><\/div>[vc_empty_space][\/vc_column][vc_column width=&#8221;1\/4&#8243;]<div class='q_icon_with_title medium custom_icon_image center qode_iwt_hover_enabled '><div class=\"icon_holder \" style=\" \"><img decoding=\"async\" itemprop=\"image\" style=\"\" src=\"https:\/\/resiangelus.com\/wp-content\/uploads\/2022\/11\/excursiones.png\" alt=\"\"><\/div><div class=\"icon_text_holder\" style=\"\"><div class=\"icon_text_inner\" style=\"\"><h3 class=\"icon_title\" style=\"color: #273d68;font-weight: 400;\">Excursions<\/h3><div class=\"separator small left\" style=\"height: 2px;background-color: #273d68;width: 20px;margin-bottom: 15px;\"><\/div><p style='color: #000000'>Visites a llocs d\u00b4inter\u00e8s i excursions<\/p><\/div><\/div><\/div>[vc_empty_space][\/vc_column][\/vc_row][vc_row css_animation=&#8221;element_from_bottom&#8221; row_type=&#8221;row&#8221; use_row_as_full_screen_section=&#8221;no&#8221; type=&#8221;grid&#8221; angled_section=&#8221;no&#8221; text_align=&#8221;center&#8221; background_image_as_pattern=&#8221;without_pattern&#8221; z_index=&#8221;&#8221; css=&#8221;.vc_custom_1668002219452{background-color: #3d2e27 !important;}&#8221;][vc_column css_animation=&#8221;zoomIn&#8221; width=&#8221;1\/4&#8243;]<div class='q_icon_with_title medium custom_icon_image center qode_iwt_hover_enabled '><div class=\"icon_holder \" style=\" \"><img decoding=\"async\" itemprop=\"image\" style=\"\" src=\"https:\/\/resiangelus.com\/wp-content\/uploads\/2022\/11\/voluntariado.png\" alt=\"\"><\/div><div class=\"icon_text_holder\" style=\"\"><div class=\"icon_text_inner\" style=\"\"><h3 class=\"icon_title\" style=\"color: #273d68;font-weight: 400;\">Voluntariat<\/h3><div class=\"separator small left\" style=\"height: 2px;background-color: #273d68;width: 20px;margin-bottom: 15px;\"><\/div><p style='color: #000000'>Servei de voluntariat<\/p><\/div><\/div><\/div>[vc_empty_space][\/vc_column][vc_column css_animation=&#8221;zoomIn&#8221; width=&#8221;1\/4&#8243;]<div class='q_icon_with_title medium custom_icon_image center qode_iwt_hover_enabled '><div class=\"icon_holder \" style=\" \"><img decoding=\"async\" itemprop=\"image\" style=\"\" src=\"https:\/\/resiangelus.com\/wp-content\/uploads\/2022\/10\/wifi.png\" alt=\"\"><\/div><div class=\"icon_text_holder\" style=\"\"><div class=\"icon_text_inner\" style=\"\"><h3 class=\"icon_title\" style=\"color: #273d68;font-weight: 400;\">Wi-Fi<\/h3><div class=\"separator small left\" style=\"height: 2px;background-color: #273d68;width: 20px;margin-bottom: 15px;\"><\/div><p style='color: #000000'>Comunicaci\u00f3 entre familiar i residents<\/p><\/div><\/div><\/div>[vc_empty_space][\/vc_column][vc_column css_animation=&#8221;zoomIn&#8221; width=&#8221;1\/4&#8243;]<div class='q_icon_with_title medium custom_icon_image center qode_iwt_hover_enabled '><div class=\"icon_holder \" style=\" \"><img decoding=\"async\" itemprop=\"image\" style=\"\" src=\"https:\/\/resiangelus.com\/wp-content\/uploads\/2022\/09\/lavanderia-1.png\" alt=\"\"><\/div><div class=\"icon_text_holder\" style=\"\"><div class=\"icon_text_inner\" style=\"\"><h3 class=\"icon_title\" style=\"color: #273d68;font-weight: 400;\">Bugaderia<\/h3><div class=\"separator small left\" style=\"height: 2px;background-color: #273d68;width: 20px;margin-bottom: 15px;\"><\/div><p style='color: #000000'>Servei de bugaderia propi<\/p><\/div><\/div><\/div>[\/vc_column][vc_column width=&#8221;1\/4&#8243;][\/vc_column][\/vc_row][vc_row css_animation=&#8221;&#8221; row_type=&#8221;row&#8221; use_row_as_full_screen_section=&#8221;no&#8221; type=&#8221;full_width&#8221; angled_section=&#8221;no&#8221; text_align=&#8221;center&#8221; background_image_as_pattern=&#8221;without_pattern&#8221; z_index=&#8221;&#8221; css=&#8221;.vc_custom_1642523603831{background-color: #3d2e27 !important;}&#8221;][vc_column][vc_empty_space height=&#8221;60&#8243;][\/vc_column][\/vc_row][vc_row css_animation=&#8221;&#8221; row_type=&#8221;row&#8221; use_row_as_full_screen_section=&#8221;no&#8221; type=&#8221;grid&#8221; angled_section=&#8221;no&#8221; text_align=&#8221;left&#8221; background_image_as_pattern=&#8221;without_pattern&#8221; css=&#8221;.vc_custom_1668002788655{background-color: #e1d9cc !important;}&#8221; z_index=&#8221;&#8221;][vc_column][vc_empty_space height=&#8221;60&#8243;][vc_hoverbox image=&#8221;2788&#8243; primary_title=&#8221;Metge&#8221; primary_title_font_container=&#8221;color:%23000000&#8243; hover_title=&#8221;&#8221; shape=&#8221;square&#8221; hover_background_color=&#8221;white&#8221; el_width=&#8221;80&#8243;]<span style=\"color: #333333;\">El centre compta amb els serveis\u00a0d&#8217;un\u00a0metge que acudeix a la resid\u00e8ncia i amb qui es mant\u00e9 un contacte diari, per tal de mantenir un estat de salut \u00f2ptim dels residents.<\/span>[\/vc_hoverbox][vc_empty_space height=&#8221;60&#8243;][\/vc_column][\/vc_row][vc_row css_animation=&#8221;&#8221; row_type=&#8221;row&#8221; use_row_as_full_screen_section=&#8221;no&#8221; type=&#8221;grid&#8221; angled_section=&#8221;no&#8221; text_align=&#8221;left&#8221; background_image_as_pattern=&#8221;without_pattern&#8221; css=&#8221;.vc_custom_1668002788655{background-color: #e1d9cc !important;}&#8221; z_index=&#8221;&#8221;][vc_column][vc_empty_space height=&#8221;60&#8243;][vc_hoverbox image=&#8221;2797&#8243; primary_title=&#8221;Infermeria&#8221; primary_title_font_container=&#8221;color:%23000000&#8243; hover_title=&#8221;&#8221; shape=&#8221;square&#8221; hover_background_color=&#8221;white&#8221; el_width=&#8221;80&#8243;]<span style=\"color: #333333;\">La infermera\/o t\u00e9 cura de l&#8217;atenci\u00f3 permanent dels residents, del seu estat en general, vigilant de la correcta administraci\u00f3 de la medicaci\u00f3 i atenent les cures precises.<\/span>[\/vc_hoverbox][vc_empty_space height=&#8221;60&#8243;][\/vc_column][\/vc_row][vc_row css_animation=&#8221;&#8221; row_type=&#8221;row&#8221; use_row_as_full_screen_section=&#8221;no&#8221; type=&#8221;grid&#8221; angled_section=&#8221;no&#8221; text_align=&#8221;left&#8221; background_image_as_pattern=&#8221;without_pattern&#8221; css=&#8221;.vc_custom_1668002788655{background-color: #e1d9cc !important;}&#8221; z_index=&#8221;&#8221;][vc_column][vc_empty_space height=&#8221;60&#8243;][vc_hoverbox image=&#8221;2791&#8243; primary_title=&#8221;Fisioter\u00e0pia&#8221; primary_title_font_container=&#8221;color:%23000000&#8243; hover_title=&#8221;&#8221; shape=&#8221;square&#8221; hover_background_color=&#8221;white&#8221; el_width=&#8221;80&#8243;]<span style=\"color: #333333;\">La fisioter\u00e0pia en el camp de la geriatria treballa principalment en la prevenci\u00f3 i el manteniment de les capacitats funcionals dels residents, per tal que puguin mantenir el m\u00e0xim nivell en les seves\u00a0<span class=\"hiddenSpellError\">AVD<\/span>\u00a0(activitats de la vida di\u00e0ria), evitant-ne la p\u00e8rdua i el deteriorament.<\/span>[\/vc_hoverbox][vc_empty_space height=&#8221;60&#8243;][\/vc_column][\/vc_row][vc_row css_animation=&#8221;&#8221; row_type=&#8221;row&#8221; use_row_as_full_screen_section=&#8221;no&#8221; type=&#8221;grid&#8221; angled_section=&#8221;no&#8221; text_align=&#8221;left&#8221; background_image_as_pattern=&#8221;without_pattern&#8221; css=&#8221;.vc_custom_1668002788655{background-color: #e1d9cc !important;}&#8221; z_index=&#8221;&#8221;][vc_column][vc_empty_space height=&#8221;60&#8243;][vc_hoverbox image=&#8221;2826&#8243; primary_title=&#8221;Psicologia&#8221; primary_title_font_container=&#8221;color:%23000000&#8243; hover_title=&#8221;&#8221; shape=&#8221;square&#8221; hover_background_color=&#8221;white&#8221; el_width=&#8221;80&#8243;]<span style=\"color: #333333;\">El treball de psicologia consisteix a prevenir, detectar, diagnosticar i tractar adequadament tota mena de deteriorament, alteraci\u00f3 psicol\u00f2gica i del comportament, duent a terme les intervencions necess\u00e0ries a cada usuari.<\/span>[\/vc_hoverbox][vc_empty_space height=&#8221;60&#8243;][\/vc_column][\/vc_row][vc_row css_animation=&#8221;&#8221; row_type=&#8221;row&#8221; use_row_as_full_screen_section=&#8221;no&#8221; type=&#8221;grid&#8221; angled_section=&#8221;no&#8221; text_align=&#8221;left&#8221; background_image_as_pattern=&#8221;without_pattern&#8221; css=&#8221;.vc_custom_1668002788655{background-color: #e1d9cc !important;}&#8221; z_index=&#8221;&#8221;][vc_column][vc_empty_space height=&#8221;60&#8243;][vc_hoverbox image=&#8221;2829&#8243; primary_title=&#8221;Ter\u00e0pia ocupacional&#8221; primary_title_font_container=&#8221;color:%23000000&#8243; hover_title=&#8221;&#8221; shape=&#8221;square&#8221; hover_background_color=&#8221;white&#8221; el_width=&#8221;80&#8243;]<span style=\"color: #333333;\">Al centre geri\u00e0tric la\/el terapeuta ocupacional interv\u00e9 en la gent gran amb la finalitat de recuperar o compensar, les habilitats necess\u00e0ries per aconseguir una m\u00e0xima autonomia i independ\u00e8ncia en les activitats b\u00e0siques de la vida di\u00e0ria (<span class=\"hiddenSpellError\">AVD<\/span>).<\/span>[\/vc_hoverbox][vc_empty_space height=&#8221;60&#8243;][\/vc_column][\/vc_row][vc_row css_animation=&#8221;&#8221; row_type=&#8221;row&#8221; use_row_as_full_screen_section=&#8221;no&#8221; type=&#8221;grid&#8221; angled_section=&#8221;no&#8221; text_align=&#8221;left&#8221; background_image_as_pattern=&#8221;without_pattern&#8221; css=&#8221;.vc_custom_1668002788655{background-color: #e1d9cc !important;}&#8221; z_index=&#8221;&#8221;][vc_column][vc_empty_space height=&#8221;60&#8243;][vc_hoverbox image=&#8221;2832&#8243; primary_title=&#8221;Educaci\u00f3 social&#8221; primary_title_font_container=&#8221;color:%23000000&#8243; hover_title=&#8221;&#8221; shape=&#8221;square&#8221; hover_background_color=&#8221;white&#8221; el_width=&#8221;80&#8243;]<span style=\"color: #333333;\">El programa d&#8217;educaci\u00f3 social est\u00e0 adaptat a les situacions del grup <span class=\"hiddenSpellError\">ia<\/span>\u00a0les seves respectives necessitats, aportant ganes de viure, animaci\u00f3 i est\u00edmul per mantenir-se actius i romandre compromesos socialment.<\/span>[\/vc_hoverbox][vc_empty_space height=&#8221;60&#8243;][\/vc_column][\/vc_row][vc_row css_animation=&#8221;&#8221; row_type=&#8221;row&#8221; use_row_as_full_screen_section=&#8221;no&#8221; type=&#8221;grid&#8221; angled_section=&#8221;no&#8221; text_align=&#8221;left&#8221; background_image_as_pattern=&#8221;without_pattern&#8221; css=&#8221;.vc_custom_1668002788655{background-color: #e1d9cc !important;}&#8221; z_index=&#8221;&#8221;][vc_column][vc_empty_space height=&#8221;60&#8243;][vc_hoverbox image=&#8221;2815&#8243; primary_title=&#8221;Treball social&#8221; primary_title_font_container=&#8221;color:%23000000&#8243; hover_title=&#8221;&#8221; shape=&#8221;square&#8221; hover_background_color=&#8221;white&#8221; el_width=&#8221;80&#8243;]<span style=\"color: #333333;\">S&#8217;ent\u00e9n com a treball o assist\u00e8ncia social, el conjunt d&#8217;accions dirigides a ajudar els residents i els seus familiars\u00a0o\u00a0persones de refer\u00e8ncia, a assolir d&#8217;una manera positiva la nova situaci\u00f3 produ\u00efda a tots dos nuclis i en les possibles relacions amb l&#8217;Administraci\u00f3, des de moment de l&#8217;ingr\u00e9s i durant tota la vostra estada a la resid\u00e8ncia.<\/span>[\/vc_hoverbox][vc_empty_space height=&#8221;60&#8243;][\/vc_column][\/vc_row][vc_row css_animation=&#8221;&#8221; row_type=&#8221;row&#8221; use_row_as_full_screen_section=&#8221;no&#8221; type=&#8221;grid&#8221; angled_section=&#8221;no&#8221; text_align=&#8221;left&#8221; background_image_as_pattern=&#8221;without_pattern&#8221; css=&#8221;.vc_custom_1668002788655{background-color: #e1d9cc !important;}&#8221; z_index=&#8221;&#8221;][vc_column][vc_empty_space height=&#8221;60&#8243;][vc_hoverbox image=&#8221;2812&#8243; primary_title=&#8221;Servei religi\u00f3s&#8221; primary_title_font_container=&#8221;color:%23000000&#8243; hover_title=&#8221;&#8221; shape=&#8221;square&#8221; hover_background_color=&#8221;white&#8221; el_width=&#8221;80&#8243;]<span style=\"color: #333333;\">El centre compta amb l&#8217;assist\u00e8ncia d&#8217;un sacerdot que oficia la Santa Missa amb periodicitat setmanal, atenent emocionalment l&#8217;usuari que ho sol\u00b7licita.<\/span>[\/vc_hoverbox][vc_empty_space height=&#8221;60&#8243;][\/vc_column][\/vc_row][vc_row css_animation=&#8221;&#8221; row_type=&#8221;row&#8221; use_row_as_full_screen_section=&#8221;no&#8221; type=&#8221;grid&#8221; angled_section=&#8221;no&#8221; text_align=&#8221;left&#8221; background_image_as_pattern=&#8221;without_pattern&#8221; css=&#8221;.vc_custom_1668002788655{background-color: #e1d9cc !important;}&#8221; z_index=&#8221;&#8221;][vc_column][vc_empty_space height=&#8221;60&#8243;][vc_hoverbox image=&#8221;2803&#8243; primary_title=&#8221;Podologia&#8221; primary_title_font_container=&#8221;color:%23000000&#8243; hover_title=&#8221;&#8221; shape=&#8221;square&#8221; hover_background_color=&#8221;white&#8221; el_width=&#8221;80&#8243;]<span style=\"color: #333333;\">Aquest servei \u00e9s l&#8217;encarregat de mantenir un control a la salut dels peus, mitjan\u00e7ant visites programades i constants a tots els residents. Aquests controls tenen un objectiu clar de prevenci\u00f3 de lesions potencials i de tractament d&#8217;alteracions lleus.<\/span>[\/vc_hoverbox][vc_empty_space height=&#8221;60&#8243;][\/vc_column][\/vc_row][vc_row css_animation=&#8221;&#8221; row_type=&#8221;row&#8221; use_row_as_full_screen_section=&#8221;no&#8221; type=&#8221;grid&#8221; angled_section=&#8221;no&#8221; text_align=&#8221;left&#8221; background_image_as_pattern=&#8221;without_pattern&#8221; css=&#8221;.vc_custom_1668002788655{background-color: #e1d9cc !important;}&#8221; z_index=&#8221;&#8221;][vc_column][vc_empty_space height=&#8221;60&#8243;][vc_hoverbox image=&#8221;2847&#8243; primary_title=&#8221;Perruqueria&#8221; primary_title_font_container=&#8221;color:%23000000&#8243; hover_title=&#8221;&#8221; shape=&#8221;square&#8221; hover_background_color=&#8221;white&#8221; el_width=&#8221;80&#8243;]<\/p>\n<p id=\"tw-target-text\" class=\"tw-data-text tw-text-large tw-ta\" dir=\"ltr\" data-placeholder=\"Translation\"><span class=\"Y2IQFc\" lang=\"ca\" style=\"color: #333333;\">Disposem de servei de perruqueria per a tots els nostres residents.<\/span><\/p>\n<p>[\/vc_hoverbox][vc_empty_space height=&#8221;60&#8243;][\/vc_column][\/vc_row][vc_row css_animation=&#8221;&#8221; row_type=&#8221;row&#8221; use_row_as_full_screen_section=&#8221;no&#8221; type=&#8221;grid&#8221; angled_section=&#8221;no&#8221; text_align=&#8221;left&#8221; background_image_as_pattern=&#8221;without_pattern&#8221; css=&#8221;.vc_custom_1668002788655{background-color: #e1d9cc !important;}&#8221; z_index=&#8221;&#8221;][vc_column][vc_empty_space height=&#8221;60&#8243;][vc_hoverbox image=&#8221;2794&#8243; primary_title=&#8221;Acompanyament&#8221; primary_title_font_container=&#8221;color:%23000000&#8243; hover_title=&#8221;&#8221; shape=&#8221;square&#8221; hover_background_color=&#8221;white&#8221; el_width=&#8221;80&#8243;]<span style=\"color: #333333;\">El servei d&#8217;acompanyament consisteix en la possibilitat d&#8217;assistir a l&#8217;usuari, en aquells despla\u00e7aments programats per a consultes externes al centre, sempre que el familiar no disposi de la possibilitat de fer-ho.<\/span>[\/vc_hoverbox][vc_empty_space height=&#8221;60&#8243;][\/vc_column][\/vc_row][vc_row css_animation=&#8221;&#8221; row_type=&#8221;row&#8221; use_row_as_full_screen_section=&#8221;no&#8221; type=&#8221;grid&#8221; angled_section=&#8221;no&#8221; text_align=&#8221;left&#8221; background_image_as_pattern=&#8221;without_pattern&#8221; css=&#8221;.vc_custom_1668002788655{background-color: #e1d9cc !important;}&#8221; z_index=&#8221;&#8221;][vc_column][vc_empty_space height=&#8221;60&#8243;][vc_hoverbox image=&#8221;2585&#8243; primary_title=&#8221;Excursions&#8221; primary_title_font_container=&#8221;color:%23000000&#8243; hover_title=&#8221;&#8221; shape=&#8221;square&#8221; hover_background_color=&#8221;white&#8221; el_width=&#8221;80&#8243;]<span style=\"color: #333333;\">L&#8217;equip multidisciplinari s&#8217;ocupa d&#8217;organitzar excursions i dinars a llocs d&#8217;inter\u00e8s per a tots aquells residents que ho sol\u00b7liciten de manera volunt\u00e0ria, consensuada i amb l&#8217;autoritzaci\u00f3 pertinent.<\/span>[\/vc_hoverbox][vc_empty_space height=&#8221;60&#8243;][\/vc_column][\/vc_row][vc_row css_animation=&#8221;&#8221; row_type=&#8221;row&#8221; use_row_as_full_screen_section=&#8221;no&#8221; type=&#8221;grid&#8221; angled_section=&#8221;no&#8221; text_align=&#8221;left&#8221; background_image_as_pattern=&#8221;without_pattern&#8221; css=&#8221;.vc_custom_1668002788655{background-color: #e1d9cc !important;}&#8221; z_index=&#8221;&#8221;][vc_column][vc_empty_space height=&#8221;60&#8243;][vc_hoverbox image=&#8221;2818&#8243; primary_title=&#8221;Voluntariat&#8221; primary_title_font_container=&#8221;color:%23000000&#8243; hover_title=&#8221;&#8221; shape=&#8221;square&#8221; hover_background_color=&#8221;white&#8221; el_width=&#8221;80&#8243;]<\/p>\n<p id=\"tw-target-text\" class=\"tw-data-text tw-text-large tw-ta\" dir=\"ltr\" data-placeholder=\"Translation\"><span class=\"Y2IQFc\" lang=\"ca\" style=\"color: #333333;\">El centre disposa de la col\u00b7laboraci\u00f3 altruista de voluntaris que s&#8217;ofereixen per a dies o dates assenyalades en l&#8217;acompanyament i l&#8217;entreteniment dels usuaris.<\/span><\/p>\n<p>[\/vc_hoverbox][vc_empty_space height=&#8221;60&#8243;][\/vc_column][\/vc_row][vc_row css_animation=&#8221;&#8221; row_type=&#8221;row&#8221; use_row_as_full_screen_section=&#8221;no&#8221; type=&#8221;grid&#8221; angled_section=&#8221;no&#8221; text_align=&#8221;left&#8221; background_image_as_pattern=&#8221;without_pattern&#8221; css=&#8221;.vc_custom_1668002788655{background-color: #e1d9cc !important;}&#8221; z_index=&#8221;&#8221;][vc_column][vc_empty_space height=&#8221;60&#8243;][vc_hoverbox image=&#8221;2809&#8243; primary_title=&#8221;Wi-Fi&#8221; primary_title_font_container=&#8221;color:%23000000&#8243; hover_title=&#8221;&#8221; shape=&#8221;square&#8221; hover_background_color=&#8221;white&#8221; el_width=&#8221;80&#8243;]<span style=\"color: #333333;\">Comunicaci\u00f3 via Wi-Fi a la Resid\u00e8ncia que permet posar en connexi\u00f3 permanent a l&#8217;usuari amb els seus familiars, amistats i responsables.<\/span>[\/vc_hoverbox][vc_empty_space height=&#8221;60&#8243;][\/vc_column][\/vc_row][vc_row css_animation=&#8221;&#8221; row_type=&#8221;row&#8221; use_row_as_full_screen_section=&#8221;no&#8221; type=&#8221;grid&#8221; angled_section=&#8221;no&#8221; text_align=&#8221;left&#8221; background_image_as_pattern=&#8221;without_pattern&#8221; css=&#8221;.vc_custom_1668002788655{background-color: #e1d9cc !important;}&#8221; z_index=&#8221;&#8221;][vc_column][vc_empty_space height=&#8221;60&#8243;][vc_hoverbox image=&#8221;2806&#8243; primary_title=&#8221;Bugaderia&#8221; primary_title_font_container=&#8221;color:%23000000&#8243; hover_title=&#8221;&#8221; shape=&#8221;square&#8221; hover_background_color=&#8221;white&#8221; el_width=&#8221;80&#8243;]<span style=\"color: #333333;\">El rentatge de la roba dels residents es realitza dins de les instal\u00b7lacions del centre, sent una empresa externa l&#8217;encarregada de rentar la roba blanca (llen\u00e7ols, tovalloles&#8230;) de la resid\u00e8ncia.<\/span>[\/vc_hoverbox][vc_empty_space height=&#8221;60&#8243;][\/vc_column][\/vc_row]<\/p>\n<\/div>","protected":false},"excerpt":{"rendered":"<p>[vc_row css_animation=&#8221;element_from_bottom&#8221; row_type=&#8221;row&#8221; use_row_as_full_screen_section=&#8221;no&#8221; type=&#8221;full_width&#8221; angled_section=&#8221;no&#8221; text_align=&#8221;left&#8221; background_image_as_pattern=&#8221;without_pattern&#8221; z_index=&#8221;&#8221; background_image=&#8221;2628&#8243;][vc_column][vc_empty_space height=&#8221;200&#8243;][vc_column_text][\/vc_column_text][vc_empty_space height=&#8221;200px&#8221;][\/vc_column][\/vc_row][vc_row css_animation=&#8221;&#8221; row_type=&#8221;row&#8221; use_row_as_full_screen_section=&#8221;no&#8221; type=&#8221;full_width&#8221; angled_section=&#8221;no&#8221; text_align=&#8221;left&#8221; background_image_as_pattern=&#8221;without_pattern&#8221;][vc_column][vc_empty_space height=&#8221;50px&#8221;][vc_column_text] SERVEIS [\/vc_column_text][vc_separator type=&#8221;small&#8221; position=&#8221;center&#8221; color=&#8221;#273d68&#8243; thickness=&#8221;1,5&#8243; width=&#8221;20&#8243;][vc_empty_space height=&#8221;50px&#8221;][\/vc_column][\/vc_row][vc_row css_animation=&#8221;&#8221; row_type=&#8221;row&#8221; use_row_as_full_screen_section=&#8221;no&#8221; type=&#8221;grid&#8221; angled_section=&#8221;no&#8221; text_align=&#8221;center&#8221; background_image_as_pattern=&#8221;without_pattern&#8221; z_index=&#8221;&#8221;][vc_column][vc_column_text] Els serveis de la resid\u00e8ncia \u00c0ngelus s&#8217;adrecen a fer&#8230;<\/p>\n","protected":false},"author":2,"featured_media":2539,"parent":0,"menu_order":0,"comment_status":"closed","ping_status":"closed","template":"full_width.php","meta":{"footnotes":""},"yst_prominent_words":[],"class_list":["post-1946","page","type-page","status-publish","has-post-thumbnail","hentry"],"_links":{"self":[{"href":"https:\/\/resiangelus.com\/ca\/wp-json\/wp\/v2\/pages\/1946","targetHints":{"allow":["GET"]}}],"collection":[{"href":"https:\/\/resiangelus.com\/ca\/wp-json\/wp\/v2\/pages"}],"about":[{"href":"https:\/\/resiangelus.com\/ca\/wp-json\/wp\/v2\/types\/page"}],"author":[{"embeddable":true,"href":"https:\/\/resiangelus.com\/ca\/wp-json\/wp\/v2\/users\/2"}],"replies":[{"embeddable":true,"href":"https:\/\/resiangelus.com\/ca\/wp-json\/wp\/v2\/comments?post=1946"}],"version-history":[{"count":22,"href":"https:\/\/resiangelus.com\/ca\/wp-json\/wp\/v2\/pages\/1946\/revisions"}],"predecessor-version":[{"id":2860,"href":"https:\/\/resiangelus.com\/ca\/wp-json\/wp\/v2\/pages\/1946\/revisions\/2860"}],"wp:featuredmedia":[{"embeddable":true,"href":"https:\/\/resiangelus.com\/ca\/wp-json\/wp\/v2\/media\/2539"}],"wp:attachment":[{"href":"https:\/\/resiangelus.com\/ca\/wp-json\/wp\/v2\/media?parent=1946"}],"wp:term":[{"taxonomy":"yst_prominent_words","embeddable":true,"href":"https:\/\/resiangelus.com\/ca\/wp-json\/wp\/v2\/yst_prominent_words?post=1946"}],"curies":[{"name":"wp","href":"https:\/\/api.w.org\/{rel}","templated":true}]}}