{"id":1763,"date":"2021-04-28T09:33:39","date_gmt":"2021-04-28T09:33:39","guid":{"rendered":"https:\/\/resiangelus.com\/inicio\/"},"modified":"2023-01-19T15:48:46","modified_gmt":"2023-01-19T15:48:46","slug":"inici","status":"publish","type":"page","link":"https:\/\/resiangelus.com\/ca\/","title":{"rendered":"Inici"},"content":{"rendered":"<div class=\"wpb-content-wrapper\"><p>[vc_row css_animation=&#8221;&#8221; row_type=&#8221;row&#8221; use_row_as_full_screen_section=&#8221;no&#8221; type=&#8221;full_width&#8221; angled_section=&#8221;no&#8221; text_align=&#8221;left&#8221; background_image_as_pattern=&#8221;without_pattern&#8221; z_index=&#8221;&#8221;][vc_column][vc_single_image image=&#8221;2515&#8243; img_size=&#8221;full&#8221; qode_css_animation=&#8221;&#8221;][\/vc_column][\/vc_row][vc_row css_animation=&#8221;element_from_fade&#8221; row_type=&#8221;row&#8221; use_row_as_full_screen_section=&#8221;no&#8221; type=&#8221;grid&#8221; angled_section=&#8221;no&#8221; text_align=&#8221;left&#8221; background_image_as_pattern=&#8221;without_pattern&#8221; z_index=&#8221;&#8221;][vc_column css_animation=&#8221;none&#8221; css=&#8221;.vc_custom_1632309786869{margin-top: -100px !important;margin-right: 4% !important;padding-top: 0px !important;padding-right: 32px !important;padding-left: 32px !important;background-color: #ffffff !important;}&#8221;][vc_empty_space height=&#8221;32&#8243;][vc_column_text]<\/p>\n<h1 style=\"text-align: center;\"><strong><span style=\"color: #273d68;\">Resid\u00e8ncia\u00a0\u00c0<span style=\"color: #273d68;\">ngelus <\/span><\/span><\/strong><span style=\"color: #58595b;\">\u00a0al Figar\u00f3-Montmany<\/span><\/h1>\n<p>[\/vc_column_text][vc_empty_space height=&#8221;10px&#8221;][vc_column_text css=&#8221;.vc_custom_1673118278400{padding-bottom: 40px !important;}&#8221;]<span style=\"color: #333333;\">La Residencia Geri\u00e0trica<\/span> <strong><span style=\"color: #273d68;\">\u00c0ngelus<\/span><\/strong> <span style=\"color: #333333;\">es va fundar l&#8217;any 1980 al Figar\u00f3-Montmany i, des de llavors, hem volgut ser fidels al nostre objectiu d&#8217;optimitzar la qualitat de vida dels nostres grans per garantir el seu confort i benestar al nostre Centre, <span class=\"hiddenGrammarError\">exercint<\/span>\u00a0una constant i permanent actualitzaci\u00f3 de sistemes, instal\u00b7lacions i serveis\u00a0d&#8217;atenci\u00f3\u00a0al resident. La nostra m\u00e0xima aspiraci\u00f3 \u00e9s fer que tota la gent gran que decideixi venir a viure amb nosaltres s&#8217;arribi a sentir com a casa.<\/span>[\/vc_column_text][vc_empty_space height=&#8221;60&#8243; el_class=&#8221;espacioOculto&#8221;][vc_raw_html]JTNDZGl2JTIwY2xhc3MlM0QlMjJjYWphSG9tZVRvcDElMjIlMjBzdHlsZSUzRCUyMiUyMiUzRSUwQSUwQSUzQ3AlMjBzdHlsZSUzRCUyMmNvbG9yJTNBJTIwJTIzZTFkOWNjJTNCJTIwZm9udC1zaXplJTNBJTIwMjBweCUzQiUyMiUzRURpc3Bvc2VtJTIwZGUlMjBjYXBhY2l0YXQlMjBwZXIlMjBhJTIwMzUlMjBwbGFjZXMuJTIwJUMzJTg5cyUyMHVuJTIwQ2VudHJlJTIwY29uY2VydGF0JTIwYW1iJTIwbGElMjBHZW5lcmFsaXRhdCUyMGRlJTIwQ2F0YWx1bnlhLiUyMERpc3Bvc2VtJTIwZGUlMjBwbGFjZXMlMjBwJUMzJUJBYmxpcXVlcyUyQyUyMHBsYWNlcyUyMGFtYiUyMHByZXN0YWNpJUMzJUIzJTIwdmluY3VsYWRhJTIwaSUyMHBsYWNlcyUyMHByaXZhZGVzLiUwQSUwQSUzQ3AlMjBzdHlsZSUzRCUyMmNvbG9yJTNBJTIwJTIzZTFkOWNjJTNCJTIwZm9udC1zaXplJTNBJTIwMjBweCUzQiUyMiUzRUxhJTIwUmVzaWQlQzMlQThuY2lhJTIwZXN0JUMzJUEwJTIwdWJpY2FkYSUyMGElMjBsYSUyMHBldGl0YSUyMGxvY2FsaXRhdCUyMGRlbCUyMEZpZ2FyJUMzJUIzLU1vbnRtYW55JTI4QmFyY2Vsb25hJTI5LiUzQyUyRnAlM0UlMEElMEElM0NwJTIwc3R5bGUlM0QlMjJjb2xvciUzQSUyMCUyM2UxZDljYyUzQiUyMGZvbnQtc2l6ZSUzQSUyMDIwcHglM0IlMjIlM0VUcnVjYSUyN25zJTIwYWwlMjAlM0NhJTIwc3R5bGUlM0QlMjJjb2xvciUzQSUyMCUyM2ZmZmZmZiUzQiUyMiUyMGhyZWYlM0QlMjJ0ZWwlM0ElMkIzNDkzNDE3MTkyMiUyRiUyMCUyQjM0OTM4NDI5MjE3JTIyJTNFOTMlMjA4NDIlMjA5MiUyMDE3JTNDJTJGYSUzRSUyMG8lMjBlc2NyaXUtbm9zJTIwYSUyMCUzQ2ElMjBzdHlsZSUzRCUyMmNvbG9yJTNBJTIzZmZmZmZmJTNCJTIyJTIwaHJlZiUzRCUyMm1haWx0byUzQWluZm8lNDByZXNpYW5nZWx1cy5jb20lMjIlM0VpbmZvJTQwcmVzaWFuZ2VsdXMuY29tJTNDJTJGYSUzRSUzQyUyRnAlM0UlMEElMEElM0MlMkZkaXYlM0U=[\/vc_raw_html][vc_empty_space height=&#8221;45px&#8221;][\/vc_column][\/vc_row][vc_row css_animation=&#8221;&#8221; row_type=&#8221;row&#8221; use_row_as_full_screen_section=&#8221;no&#8221; type=&#8221;grid&#8221; angled_section=&#8221;no&#8221; text_align=&#8221;center&#8221; background_image_as_pattern=&#8221;without_pattern&#8221; z_index=&#8221;&#8221; background_color=&#8221;#ffffff&#8221; css=&#8221;.vc_custom_1641991341822{margin-top: 50px !important;background-color: #e1d9cc !important;}&#8221;][vc_column width=&#8221;1\/2&#8243;][vc_empty_space height=&#8221;120&#8243;][vc_column_text]<\/p>\n<h1 style=\"text-align: center;\">Benvinguts a la<\/h1>\n<h1 style=\"text-align: center;\"><strong><span style=\"color: #273d68;\">Resid\u00e8ncia \u00c0ngelus<\/span><\/strong><\/h1>\n<h1><\/h1>\n<p>[\/vc_column_text][vc_empty_space][vc_column_text]<span style=\"color: #333333;\">La Residencia Geri\u00e0trica<\/span> <strong><span style=\"color: #273d68;\">\u00c0ngelus <\/span><\/strong><span style=\"color: #273d68;\"><span style=\"color: #333333;\"><span class=\"hiddenGrammarError\">es<\/span>\u00a0fonamenta en el comprom\u00eds amb els nostres residents i els seus familiars, que ens mou a cuidar els seus \u00e9ssers m\u00e9s estimats en la seva etapa vital m\u00e9s vulnerable, fent-ho possible des del respecte i la proximitat, amb sensibilitat i professionalitat en l&#8217;ambient familiar que ens permet ser una resid\u00e8ncia de mida mitjana.<\/span><\/span><\/p>\n<p>&nbsp;<\/p>\n<p><span style=\"color: #333333;\">Amb aquestes premisses la nostra missi\u00f3 \u00e9s assegurar el benestar i la qualitat de vida de la gent gran, garantint una atenci\u00f3 personalitzada, permanent i sempre a mida de les seves necessitats. En aquest prop\u00f2sit interv\u00e9 un equip multidisciplinari, sempre atent a les peticions i suggeriments que possibiliten una evoluci\u00f3 i millora en la cura.<\/span><\/p>\n<p>&nbsp;<\/p>\n<p><span style=\"color: #333333;\">Ens impliquem ass\u00edduament en el potencial de la persona, sigui quina sigui la seva edat i situaci\u00f3, procurant-ne la millora objectiva i facilitant estimulaci\u00f3 emocional, quan el nivell funcional i cl\u00ednic no ho permeten. I \u00e9s en aquesta implicaci\u00f3 on rau el comprom\u00eds fonamental de superaci\u00f3, que any rere any constitueix un pas en millores d&#8217;atenci\u00f3 i servei a l&#8217;usuari. Aix\u00ed mateix, la realitat constantment canviant dels nostres usuaris, ens fa evolucionar en la recerca de solucions que brindin aquesta qualitat assistencial, mantenint la Resid\u00e8ncia \u00c0ngelus a l&#8217;avantguarda pel que fa a la cura de la gent gran. Aquest \u00e9s un comprom\u00eds renovat i permanent, obert als reptes que ens plantegen l&#8217;atenci\u00f3 als nostres residents i les seves necessitats.<\/span><\/p>\n<p>&nbsp;<\/p>\n<p><span style=\"color: #333333;\"><span style=\"color: #273d68;\"><strong>La Resid\u00e8ncia Geri\u00e0trica \u00c0ngelu<\/strong>s<\/span> \u00e9s el resultat d<span class=\"hiddenGrammarError\">\u00b4<\/span>un projecte familiar comprom\u00e8s amb la realitat social de l&#8217;esdevenir de la gent gran. Amb una \u00e0mplia experi\u00e8ncia al sector, es va buscar un entorn \u00f2ptim on desenvolupar el prop\u00f2sit de crear una llar per a totes aquelles persones que en aquest cicle vital, a causa de les seves circumst\u00e0ncies, requereixen unes cures especials.<\/span><\/p>\n<p>&nbsp;<\/p>\n<p><span style=\"color: #333333;\"><span style=\"color: #273d68;\"><strong>La Resid\u00e8ncia \u00c0ngelus<\/strong><\/span> desenvolupa la seva activitat en un edifici d&#8217;estil modernista de principis del segle XX, completament rehabilitat i adaptat, disposa d&#8217;amplis jardins i ubicat al privilegiat entorn natural de la falda del Montseny.<\/span>[\/vc_column_text][vc_empty_space height=&#8221;60px&#8221;][\/vc_column][vc_column width=&#8221;1\/2&#8243;][vc_empty_space height=&#8221;150px&#8221;][vc_single_image image=&#8221;2602&#8243; img_size=&#8221;600&#215;600&#8243; alignment=&#8221;center&#8221; qode_css_animation=&#8221;&#8221; qode_hover_animation=&#8221;zoom_in&#8221;][vc_empty_space height=&#8221;10&#8243;][vc_empty_space height=&#8221;150&#8243;][vc_single_image image=&#8221;2571&#8243; img_size=&#8221;600&#215;600&#8243; alignment=&#8221;center&#8221; qode_css_animation=&#8221;&#8221; qode_hover_animation=&#8221;zoom_in&#8221;][vc_empty_space height=&#8221;10&#8243;][\/vc_column][\/vc_row][vc_row css_animation=&#8221;element_from_bottom&#8221; row_type=&#8221;row&#8221; use_row_as_full_screen_section=&#8221;yes&#8221; type=&#8221;grid&#8221; angled_section=&#8221;no&#8221; text_align=&#8221;center&#8221; background_image_as_pattern=&#8221;without_pattern&#8221; z_index=&#8221;&#8221; css=&#8221;.vc_custom_1642003826313{background-color: #8d6a57 !important;}&#8221;][vc_column][vc_empty_space height=&#8221;50px&#8221;][vc_column_text]<\/p>\n<h2 style=\"text-align: center;\"><span style=\"color: #ffffff;\"><strong>Instalaciones<\/strong><\/span><\/h2>\n<p>[\/vc_column_text][vc_empty_space height=&#8221;50px&#8221;][vc_hoverbox image=&#8221;2521&#8243; primary_title=&#8221;Exteriors&#8221; primary_title_font_container=&#8221;color:%23000000&#8243; primary_title_google_fonts=&#8221;font_family:Montserrat%3Aregular%2C700|font_style:400%20regular%3A400%3Anormal&#8221; hover_title=&#8221;&#8221; hover_title_font_container=&#8221;color:%23000000&#8243; shape=&#8221;square&#8221; hover_background_color=&#8221;white&#8221; el_width=&#8221;80&#8243; css_animation=&#8221;none&#8221; el_class=&#8221;tituloCajaDinamica&#8221; hover_title_link=&#8221;url:https%3A%2F%2Fresiangelus.com%2Finstalaciones%2F|title:Instalaciones&#8221;]<span style=\"color: #333333;\"> Estem envoltats d&#8217;amplis jardins on el resident pot gaudir de la natura en plenitud.<\/span>[\/vc_hoverbox][vc_empty_space][vc_hoverbox image=&#8221;2622&#8243; primary_title=&#8221;Habitacions&#8221; primary_title_font_container=&#8221;color:%23000000&#8243; hover_title=&#8221;&#8221; shape=&#8221;square&#8221; hover_background_color=&#8221;custom&#8221; el_width=&#8221;80&#8243; css_animation=&#8221;none&#8221; hover_custom_background=&#8221;#ffffff&#8221;]<span style=\"color: #333333;\"> Disposem d&#8217;habitacions individuals i habitacions dobles. Hem dissenyat les habitacions vetllant per la seguretat i la comoditat de les persones que viuen amb nosaltres.[\/vc_hoverbox][vc_empty_space][vc_hoverbox image=&#8221;2587&#8243; primary_title=&#8221;Zones comunes&#8221; primary_title_font_container=&#8221;color:%23000000&#8243; hover_title=&#8221;&#8221; shape=&#8221;square&#8221; hover_background_color=&#8221;custom&#8221; el_width=&#8221;80&#8243; css_animation=&#8221;none&#8221; hover_custom_background=&#8221;#ffffff&#8221;]<span style=\"color: #333333;\">Les zones comunes estan adaptades a les necessitats dels usuaris, planificant l&#8217;atenci\u00f3 al resident des del coneixement de la persona, la seva hist\u00f2ria de vida, estat f\u00edsic, gustos i prefer\u00e8ncies.<\/span>[\/vc_hoverbox][vc_empty_space][vc_hoverbox image=&#8221;2501&#8243; primary_title=&#8221;Cuina&#8221; primary_title_font_container=&#8221;color:%23000000&#8243; hover_title=&#8221;&#8221; shape=&#8221;square&#8221; hover_background_color=&#8221;custom&#8221; el_width=&#8221;80&#8243; css_animation=&#8221;none&#8221; hover_custom_background=&#8221;#ffffff&#8221;]<span style=\"color: #333333;\"> S&#8217;elaboren men\u00fas equilibrats que s&#8217;adapten a les necessitats energ\u00e8tiques, nutricionals i diet\u00e8tiques amb productes i plats de temporada.<\/span>[\/vc_hoverbox][vc_empty_space][\/vc_column][\/vc_row][vc_row css_animation=&#8221;element_from_bottom&#8221; row_type=&#8221;row&#8221; use_row_as_full_screen_section=&#8221;yes&#8221; type=&#8221;grid&#8221; angled_section=&#8221;no&#8221; text_align=&#8221;center&#8221; background_image_as_pattern=&#8221;without_pattern&#8221; z_index=&#8221;&#8221; css=&#8221;.vc_custom_1642003837089{background-color: #8d6a57 !important;}&#8221;][vc_column][vc_empty_space]<a  itemprop=\"url\" href=\"https:\/\/resiangelus.com\/ca\/instalacions\/\" target=\"_self\" data-hover-background-color='#e1d9cc' data-hover-border-color='#e1d9cc' data-hover-color='#3d2e27' class=\"qbutton  medium center enlarge\" style=\"color: #ffffff; border-color: #3d2e27; background-color: #3d2e27;\">Veure instal\u00b7lacions<span aria-hidden=\"true\" class=\"qode_icon_font_elegant arrow_carrot-2right qode_button_icon_element\" style=\"color: #ffffff;\" ><\/span><\/a>[vc_empty_space height=&#8221;50px&#8221;][\/vc_column][\/vc_row][vc_row css_animation=&#8221;element_from_bottom&#8221; row_type=&#8221;row&#8221; use_row_as_full_screen_section=&#8221;no&#8221; type=&#8221;grid&#8221; angled_section=&#8221;no&#8221; text_align=&#8221;center&#8221; background_image_as_pattern=&#8221;without_pattern&#8221; z_index=&#8221;&#8221; background_color=&#8221;#006633&#8243; css=&#8221;.vc_custom_1642003890986{padding-top: 50px !important;padding-right: 50px !important;padding-bottom: 50px !important;padding-left: 50px !important;background-color: #3d2e27 !important;}&#8221;][vc_column][vc_empty_space][vc_column_text]<\/span><\/p>\n<h2 style=\"text-align: center;\"><span style=\"color: #ffffff;\"><strong>Serveis<\/strong><\/span><\/h2>\n<p>[\/vc_column_text][vc_empty_space][\/vc_column][\/vc_row][vc_row css_animation=&#8221;&#8221; row_type=&#8221;row&#8221; use_row_as_full_screen_section=&#8221;no&#8221; type=&#8221;grid&#8221; angled_section=&#8221;no&#8221; text_align=&#8221;center&#8221; background_image_as_pattern=&#8221;without_pattern&#8221; z_index=&#8221;&#8221; background_color=&#8221;#006633&#8243; css=&#8221;.vc_custom_1642003901583{background-color: #3d2e27 !important;}&#8221;][vc_column css_animation=&#8221;zoomIn&#8221; width=&#8221;1\/3&#8243;]<div class='q_icon_with_title large custom_icon_image center qode_iwt_hover_enabled '><div class=\"icon_holder \" style=\" \"><img decoding=\"async\" itemprop=\"image\" style=\"\" src=\"https:\/\/resiangelus.com\/wp-content\/uploads\/2022\/09\/stethoscope-1.png\" alt=\"\"><\/div><div class=\"icon_text_holder\" style=\"\"><div class=\"icon_text_inner\" style=\"\"><h3 class=\"icon_title\" style=\"color: #273d68;font-weight: 400;\">Atenci\u00f3 m\u00e8dica<\/h3><div class=\"separator small left\" style=\"height: 2px;background-color: #273d68;width: 20px;margin-bottom: 15px;\"><\/div><p style='color: #000000'>Disposem de servei m\u00e8dic propi<\/p><\/div><\/div><\/div>[vc_empty_space][\/vc_column][vc_column css_animation=&#8221;zoomIn&#8221; width=&#8221;1\/3&#8243;]<div class='q_icon_with_title large custom_icon_image center qode_iwt_hover_enabled '><div class=\"icon_holder \" style=\" \"><img decoding=\"async\" itemprop=\"image\" style=\"\" src=\"https:\/\/resiangelus.com\/wp-content\/uploads\/2022\/10\/enfermera-2.png\" alt=\"\"><\/div><div class=\"icon_text_holder\" style=\"\"><div class=\"icon_text_inner\" style=\"\"><h3 class=\"icon_title\" style=\"color: #273d68;font-weight: 400;\">Infermeria<\/h3><div class=\"separator small left\" style=\"height: 2px;background-color: #273d68;width: 20px;margin-bottom: 15px;\"><\/div><p style='color: #000000'>Servei d'Infermeria propi<\/p><\/div><\/div><\/div>[vc_empty_space][\/vc_column][vc_column css_animation=&#8221;zoomIn&#8221; width=&#8221;1\/3&#8243;]<div class='q_icon_with_title large custom_icon_image center qode_iwt_hover_enabled '><div class=\"icon_holder \" style=\" \"><img decoding=\"async\" itemprop=\"image\" style=\"\" src=\"https:\/\/resiangelus.com\/wp-content\/uploads\/2022\/09\/fisioterapia-1.png\" alt=\"\"><\/div><div class=\"icon_text_holder\" style=\"\"><div class=\"icon_text_inner\" style=\"\"><h3 class=\"icon_title\" style=\"color: #273d68;font-weight: 400;\">Fisioter\u00e0pia<\/h3><div class=\"separator small left\" style=\"height: 2px;background-color: #273d68;width: 20px;margin-bottom: 15px;\"><\/div><p style='color: #000000'>A la Resid\u00e8ncia oferim servei de fisioter\u00e0pia personalitzada<\/p><\/div><\/div><\/div>[\/vc_column][\/vc_row][vc_row css_animation=&#8221;&#8221; row_type=&#8221;row&#8221; use_row_as_full_screen_section=&#8221;no&#8221; type=&#8221;full_width&#8221; angled_section=&#8221;no&#8221; text_align=&#8221;center&#8221; background_image_as_pattern=&#8221;without_pattern&#8221; z_index=&#8221;&#8221; background_color=&#8221;#006633&#8243; css=&#8221;.vc_custom_1642003922283{background-color: #3d2e27 !important;}&#8221;][vc_column][vc_empty_space]<a  itemprop=\"url\" href=\"https:\/\/resiangelus.com\/ca\/serveis\/\" target=\"_self\" data-hover-background-color='#e1d9cc' data-hover-border-color='#e1d9cc' data-hover-color='#8d6a57' class=\"qbutton  medium center enlarge\" style=\"color: #ffffff; border-color: #8d6a57; background-color: #8d6a57;\">Veure tots els nostres serveis<span aria-hidden=\"true\" class=\"qode_icon_font_elegant arrow_carrot-2right qode_button_icon_element\" style=\"color: #ffffff;\" ><\/span><\/a>[vc_empty_space height=&#8221;50px&#8221;][\/vc_column][\/vc_row][vc_row css_animation=&#8221;element_from_bottom&#8221; row_type=&#8221;row&#8221; use_row_as_full_screen_section=&#8221;no&#8221; type=&#8221;grid&#8221; angled_section=&#8221;no&#8221; text_align=&#8221;center&#8221; background_image_as_pattern=&#8221;without_pattern&#8221; z_index=&#8221;&#8221; background_color=&#8221;#006633&#8243; css=&#8221;.vc_custom_1642003947517{padding-top: 50px !important;padding-right: 50px !important;padding-bottom: 50px !important;padding-left: 50px !important;background-color: #e1d9cc !important;}&#8221;][vc_column][vc_empty_space height=&#8221;60px&#8221;][vc_column_text]<\/p>\n<h2 style=\"text-align: center;\"><span style=\"color: #58585b;\">Ens trobar\u00e0s a la localitat del <\/span><\/h2>\n<h2 style=\"text-align: center;\"><span style=\"color: #58585b;\">Figar\u00f3-Montmany (Barcelona)<\/span><\/h2>\n<p>&nbsp;<\/p>\n<h2 style=\"text-align: center;\"><span style=\"color: #58585b;\">Vine a con\u00e8ixer-nos o si ho prefereixes,<\/span><\/h2>\n<p><a class=\"qbutton medium center enlarge\" style=\"color: #ffffff; border-color: #8d6a57; background-color: #8d6a57; padding-left: 40px; padding-right: 40px; margin-top: 20px;\" href=\"https:\/\/resiangelus.com\/ca\/contacte\/\" target=\"_self\" rel=\"noopener\" data-hover-background-color=\"#8d6a57\" data-hover-border-color=\"#8d6a57\" data-hover-color=\"#ffffff\">CONTACTA AMB NOSALTRES \u00bb<\/a><\/p>\n<h2><\/h2>\n<h2><\/h2>\n<h2 style=\"text-align: center;\"><\/h2>\n<p>[\/vc_column_text][vc_empty_space height=&#8221;60px&#8221;][\/vc_column][\/vc_row][vc_row css_animation=&#8221;&#8221; row_type=&#8221;row&#8221; use_row_as_full_screen_section=&#8221;no&#8221; type=&#8221;full_width&#8221; angled_section=&#8221;no&#8221; text_align=&#8221;left&#8221; background_image_as_pattern=&#8221;without_pattern&#8221; z_index=&#8221;&#8221;][vc_column][vc_gmaps link=&#8221;#E-8_JTNDaWZyYW1lJTIwc3JjJTNEJTIyaHR0cHMlM0ElMkYlMkZ3d3cuZ29vZ2xlLmNvbSUyRm1hcHMlMkZlbWJlZCUzRnBiJTNEJTIxNHYxNjYyMDQ5MTI5NDk2JTIxNm04JTIxMW03JTIxMXNMRWVCZ2kxbm9WcFFTd0VGdW1sbTVRJTIxMm0yJTIxMWQ0MS43MjI4NzM1NTQ2MDcxOCUyMTJkMi4yNzMwNzI5NDUwNjEyMzUlMjEzZjU5Ljg0OTkwMTIzNTcwNDclMjE0ZjI5LjcxNTE1ODUxMjcwNTIzJTIxNWYwLjc4MjA4NjU5NzQ2Mjc0NjklMjIlMjB3aWR0aCUzRCUyMjYwMCUyMiUyMGhlaWdodCUzRCUyMjQ1MCUyMiUyMHN0eWxlJTNEJTIyYm9yZGVyJTNBMCUzQiUyMiUyMGFsbG93ZnVsbHNjcmVlbiUzRCUyMiUyMiUyMGxvYWRpbmclM0QlMjJsYXp5JTIyJTIwcmVmZXJyZXJwb2xpY3klM0QlMjJuby1yZWZlcnJlci13aGVuLWRvd25ncmFkZSUyMiUzRSUzQyUyRmlmcmFtZSUzRQ==&#8221;][\/vc_column][\/vc_row]<\/p>\n<\/div>","protected":false},"excerpt":{"rendered":"<p>[vc_row css_animation=&#8221;&#8221; row_type=&#8221;row&#8221; use_row_as_full_screen_section=&#8221;no&#8221; type=&#8221;full_width&#8221; angled_section=&#8221;no&#8221; text_align=&#8221;left&#8221; background_image_as_pattern=&#8221;without_pattern&#8221; z_index=&#8221;&#8221;][vc_column][vc_single_image image=&#8221;2515&#8243; img_size=&#8221;full&#8221; qode_css_animation=&#8221;&#8221;][\/vc_column][\/vc_row][vc_row css_animation=&#8221;element_from_fade&#8221; row_type=&#8221;row&#8221; use_row_as_full_screen_section=&#8221;no&#8221; type=&#8221;grid&#8221; angled_section=&#8221;no&#8221; text_align=&#8221;left&#8221; background_image_as_pattern=&#8221;without_pattern&#8221; z_index=&#8221;&#8221;][vc_column css_animation=&#8221;none&#8221; css=&#8221;.vc_custom_1632309786869{margin-top: -100px !important;margin-right: 4% !important;padding-top: 0px !important;padding-right: 32px !important;padding-left: 32px !important;background-color: #ffffff !important;}&#8221;][vc_empty_space height=&#8221;32&#8243;][vc_column_text] Resid\u00e8ncia\u00a0\u00c0ngelus \u00a0al Figar\u00f3-Montmany [\/vc_column_text][vc_empty_space height=&#8221;10px&#8221;][vc_column_text css=&#8221;.vc_custom_1673118278400{padding-bottom: 40px !important;}&#8221;]La Residencia Geri\u00e0trica&#8230;<\/p>\n","protected":false},"author":2,"featured_media":2602,"parent":0,"menu_order":0,"comment_status":"closed","ping_status":"closed","template":"full_width.php","meta":{"footnotes":""},"yst_prominent_words":[],"class_list":["post-1763","page","type-page","status-publish","has-post-thumbnail","hentry"],"_links":{"self":[{"href":"https:\/\/resiangelus.com\/ca\/wp-json\/wp\/v2\/pages\/1763","targetHints":{"allow":["GET"]}}],"collection":[{"href":"https:\/\/resiangelus.com\/ca\/wp-json\/wp\/v2\/pages"}],"about":[{"href":"https:\/\/resiangelus.com\/ca\/wp-json\/wp\/v2\/types\/page"}],"author":[{"embeddable":true,"href":"https:\/\/resiangelus.com\/ca\/wp-json\/wp\/v2\/users\/2"}],"replies":[{"embeddable":true,"href":"https:\/\/resiangelus.com\/ca\/wp-json\/wp\/v2\/comments?post=1763"}],"version-history":[{"count":42,"href":"https:\/\/resiangelus.com\/ca\/wp-json\/wp\/v2\/pages\/1763\/revisions"}],"predecessor-version":[{"id":2863,"href":"https:\/\/resiangelus.com\/ca\/wp-json\/wp\/v2\/pages\/1763\/revisions\/2863"}],"wp:featuredmedia":[{"embeddable":true,"href":"https:\/\/resiangelus.com\/ca\/wp-json\/wp\/v2\/media\/2602"}],"wp:attachment":[{"href":"https:\/\/resiangelus.com\/ca\/wp-json\/wp\/v2\/media?parent=1763"}],"wp:term":[{"taxonomy":"yst_prominent_words","embeddable":true,"href":"https:\/\/resiangelus.com\/ca\/wp-json\/wp\/v2\/yst_prominent_words?post=1763"}],"curies":[{"name":"wp","href":"https:\/\/api.w.org\/{rel}","templated":true}]}}